{"id":33,"date":"2017-12-08T09:01:08","date_gmt":"2017-12-08T08:01:08","guid":{"rendered":"http:\/\/sektion-hair.de\/kirchweih\/wordpress\/?page_id=33"},"modified":"2023-03-15T07:19:45","modified_gmt":"2023-03-15T06:19:45","slug":"the-moonlights-duo","status":"publish","type":"page","link":"http:\/\/sektion-hair.de\/kirchweih\/wordpress\/the-moonlights-duo\/","title":{"rendered":"Montag: &#8222;Trachtenrocker&#8220;"},"content":{"rendered":"<p><img loading=\"lazy\" decoding=\"async\" class=\"alignnone size-full wp-image-360\" src=\"http:\/\/sektion-hair.de\/kirchweih\/wordpress\/wp-content\/uploads\/2023\/03\/Gruppenfoto-2-scaled.jpg\" alt=\"\" width=\"2560\" height=\"1920\" srcset=\"http:\/\/sektion-hair.de\/kirchweih\/wordpress\/wp-content\/uploads\/2023\/03\/Gruppenfoto-2-scaled.jpg 2560w, http:\/\/sektion-hair.de\/kirchweih\/wordpress\/wp-content\/uploads\/2023\/03\/Gruppenfoto-2-300x225.jpg 300w, http:\/\/sektion-hair.de\/kirchweih\/wordpress\/wp-content\/uploads\/2023\/03\/Gruppenfoto-2-1024x768.jpg 1024w, http:\/\/sektion-hair.de\/kirchweih\/wordpress\/wp-content\/uploads\/2023\/03\/Gruppenfoto-2-768x576.jpg 768w, http:\/\/sektion-hair.de\/kirchweih\/wordpress\/wp-content\/uploads\/2023\/03\/Gruppenfoto-2-1536x1152.jpg 1536w, http:\/\/sektion-hair.de\/kirchweih\/wordpress\/wp-content\/uploads\/2023\/03\/Gruppenfoto-2-2048x1536.jpg 2048w\" sizes=\"(max-width: 2560px) 100vw, 2560px\" \/><\/p>\n<p>Da ist sie \u2013 die Partyformation Trachtenrocker aus dem oberfr\u00e4nkischen Bayreuth! Voller Energie und Enthusiasmus mischen die Truppe seit 2022 die \u00fcberregionale Partylandschaft so richtig auf! Gitarrist Uwe hat die Band 2020 (genau ein Monat vor der Corona-Pandemie\u2026) ins Leben gerufen. Es handelt sich dabei um eine Ausgr\u00fcndung aus einer im oberfr\u00e4nkischen Raum bekannten<br \/>\nPartyband, mit der bereits so manches oberfr\u00e4nkische, th\u00fcringische sowie auch rheinland-pf\u00e4lzische Fest zum Beben gebracht wurde: Flaminia (voc), Surprise (voc), Wolfgang (key, voc), Sebastian (b), Rene<br \/>\n(drums) und Uwe (git, voc) sind allesamt Vollblutmusiker, aus deren Lifestyle die Musik einfach nicht wegzudenken ist \u2013 und das h\u00f6rt man!<\/p>\n<p>Der Name Trachtenrocker steht f\u00fcr wirklich innovative Songideen, flexibel auf die jeweilige Veranstaltung abgestimmt, gepaart mit einer mitrei\u00dfenden Animation! Egal ob jung oder alt, f\u00fcr jeden Geschmack ist etwas dabei. Von der klassischen Volksmusik \u00fcber Schlager aus der Neuen Deutschen Welle-Zeit sowie von aktuellen Partyhits bis hin zu fetziger Rockmusik und sogar Metal \u2013 all das ist im Repertoire dieser coolen Truppe. Und so ganz nebenbei, Sonderw\u00fcnsche werden<br \/>\nselbstverst\u00e4ndlich auch verwirklicht.<\/p>\n<p>Flexibilit\u00e4t ist ein weiterer Pluspunkt dieser Band: Egal welche Veranstaltungsgr\u00f6\u00dfe und welches Budget \u2013 von der kleinen Geburtstagsfeier mit einfacheren Anspr\u00fcchen an Licht und Ton bis hin zum 3000 Personen-Zelt mit High End-Beschallung, es werden wirklich alle W\u00fcnsche bei durchweg hoher musikalischer Qualit\u00e4t erf\u00fcllt; und das entweder mit ein oder zwei Frontfrauen. Das Beste dabei ist:<br \/>\nImmer zu unglaublich wettbewerbsf\u00e4higen Preisen. Und wer\u2019s niad glabd, des is sua!<\/p>\n<p>Hear. We are.<\/p>\n","protected":false},"excerpt":{"rendered":"<p>Da ist sie \u2013 die Partyformation Trachtenrocker aus dem oberfr\u00e4nkischen Bayreuth! Voller Energie und Enthusiasmus mischen die Truppe seit 2022 die \u00fcberregionale Partylandschaft so richtig auf! Gitarrist Uwe hat die Band 2020 (genau ein Monat vor der Corona-Pandemie\u2026) ins Leben gerufen. Es handelt sich dabei um eine Ausgr\u00fcndung aus einer im oberfr\u00e4nkischen Raum bekannten Partyband,&hellip; <br \/> <a class=\"read-more\" href=\"http:\/\/sektion-hair.de\/kirchweih\/wordpress\/the-moonlights-duo\/\">Weiterlesen<\/a><\/p>\n","protected":false},"author":1,"featured_media":0,"parent":0,"menu_order":0,"comment_status":"closed","ping_status":"closed","template":"","meta":{"ngg_post_thumbnail":0,"footnotes":""},"_links":{"self":[{"href":"http:\/\/sektion-hair.de\/kirchweih\/wordpress\/wp-json\/wp\/v2\/pages\/33"}],"collection":[{"href":"http:\/\/sektion-hair.de\/kirchweih\/wordpress\/wp-json\/wp\/v2\/pages"}],"about":[{"href":"http:\/\/sektion-hair.de\/kirchweih\/wordpress\/wp-json\/wp\/v2\/types\/page"}],"author":[{"embeddable":true,"href":"http:\/\/sektion-hair.de\/kirchweih\/wordpress\/wp-json\/wp\/v2\/users\/1"}],"replies":[{"embeddable":true,"href":"http:\/\/sektion-hair.de\/kirchweih\/wordpress\/wp-json\/wp\/v2\/comments?post=33"}],"version-history":[{"count":11,"href":"http:\/\/sektion-hair.de\/kirchweih\/wordpress\/wp-json\/wp\/v2\/pages\/33\/revisions"}],"predecessor-version":[{"id":362,"href":"http:\/\/sektion-hair.de\/kirchweih\/wordpress\/wp-json\/wp\/v2\/pages\/33\/revisions\/362"}],"wp:attachment":[{"href":"http:\/\/sektion-hair.de\/kirchweih\/wordpress\/wp-json\/wp\/v2\/media?parent=33"}],"curies":[{"name":"wp","href":"https:\/\/api.w.org\/{rel}","templated":true}]}}